{"id":47049,"date":"2024-02-14T09:58:28","date_gmt":"2024-02-14T07:58:28","guid":{"rendered":"https:\/\/jazzkaar.ee\/?post_type=cpt_event&#038;p=47049"},"modified":"2024-02-14T14:32:59","modified_gmt":"2024-02-14T12:32:59","slug":"andreas-schaerer-kalle-kalima-bjorn-meyer-evolution","status":"publish","type":"cpt_event","link":"https:\/\/jazzkaar.ee\/en\/uritus\/andreas-schaerer-kalle-kalima-bjorn-meyer-evolution\/","title":{"rendered":"Andreas Schaerer \/ Kalle Kalima \/ Bj\u00f6rn Meyer \u201eEvolution\u201c"},"template":"","event_location":[3210],"event_tag":[],"festivals":[2876],"class_list":["post-47049","cpt_event","type-cpt_event","status-publish","hentry","event_location-fotografiska-tallinn-2-en","festivals-jazzkaar-en"],"acf":{"has_ticket":false,"subtitle":"Switzerland\u2013Finland\u2013Sweden","image":{"ID":47048,"id":47048,"title":"Andreas Schaerer & Kalle Kalima_foto Gregor Hohenberg","filename":"Andreas-Schaerer-Kalle-Kalima_foto-Gregor-Hohenberg-scaled.jpg","filesize":477334,"url":"https:\/\/jazzkaar.ee\/wp-content\/uploads\/2024\/02\/Andreas-Schaerer-Kalle-Kalima_foto-Gregor-Hohenberg-scaled.jpg","link":"https:\/\/jazzkaar.ee\/en\/uritus\/andreas-schaerer-kalle-kalima-bjorn-meyer-evolution\/andreas-schaerer-kalle-kalima_foto-gregor-hohenberg-2\/","alt":"","author":"14","description":"","caption":"","name":"andreas-schaerer-kalle-kalima_foto-gregor-hohenberg-2","status":"inherit","uploaded_to":47049,"date":"2024-02-14 07:55:38","modified":"2024-02-14 07:56:41","menu_order":0,"mime_type":"image\/jpeg","type":"image","subtype":"jpeg","icon":"https:\/\/jazzkaar.ee\/wp-includes\/images\/media\/default.png","width":2560,"height":1707,"sizes":{"thumbnail":"https:\/\/jazzkaar.ee\/wp-content\/uploads\/2024\/02\/Andreas-Schaerer-Kalle-Kalima_foto-Gregor-Hohenberg-150x150.jpg","thumbnail-width":150,"thumbnail-height":150,"medium":"https:\/\/jazzkaar.ee\/wp-content\/uploads\/2024\/02\/Andreas-Schaerer-Kalle-Kalima_foto-Gregor-Hohenberg-300x200.jpg","medium-width":300,"medium-height":200,"medium_large":"https:\/\/jazzkaar.ee\/wp-content\/uploads\/2024\/02\/Andreas-Schaerer-Kalle-Kalima_foto-Gregor-Hohenberg-768x512.jpg","medium_large-width":768,"medium_large-height":512,"large":"https:\/\/jazzkaar.ee\/wp-content\/uploads\/2024\/02\/Andreas-Schaerer-Kalle-Kalima_foto-Gregor-Hohenberg-1024x683.jpg","large-width":1024,"large-height":683,"1536x1536":"https:\/\/jazzkaar.ee\/wp-content\/uploads\/2024\/02\/Andreas-Schaerer-Kalle-Kalima_foto-Gregor-Hohenberg-1536x1024.jpg","1536x1536-width":1536,"1536x1536-height":1024,"2048x2048":"https:\/\/jazzkaar.ee\/wp-content\/uploads\/2024\/02\/Andreas-Schaerer-Kalle-Kalima_foto-Gregor-Hohenberg-2048x1365.jpg","2048x2048-width":2048,"2048x2048-height":1365,"image_640px":"https:\/\/jazzkaar.ee\/wp-content\/uploads\/2024\/02\/Andreas-Schaerer-Kalle-Kalima_foto-Gregor-Hohenberg-640x427.jpg","image_640px-width":640,"image_640px-height":427,"image_768px":"https:\/\/jazzkaar.ee\/wp-content\/uploads\/2024\/02\/Andreas-Schaerer-Kalle-Kalima_foto-Gregor-Hohenberg-768x512.jpg","image_768px-width":768,"image_768px-height":512,"image_1024px":"https:\/\/jazzkaar.ee\/wp-content\/uploads\/2024\/02\/Andreas-Schaerer-Kalle-Kalima_foto-Gregor-Hohenberg-1024x683.jpg","image_1024px-width":1024,"image_1024px-height":683,"image_1280px":"https:\/\/jazzkaar.ee\/wp-content\/uploads\/2024\/02\/Andreas-Schaerer-Kalle-Kalima_foto-Gregor-Hohenberg-1280x853.jpg","image_1280px-width":1280,"image_1280px-height":853,"image_1366px":"https:\/\/jazzkaar.ee\/wp-content\/uploads\/2024\/02\/Andreas-Schaerer-Kalle-Kalima_foto-Gregor-Hohenberg-1366x911.jpg","image_1366px-width":1366,"image_1366px-height":911,"image_1600px":"https:\/\/jazzkaar.ee\/wp-content\/uploads\/2024\/02\/Andreas-Schaerer-Kalle-Kalima_foto-Gregor-Hohenberg-1600x1067.jpg","image_1600px-width":1600,"image_1600px-height":1067,"image_1920px":"https:\/\/jazzkaar.ee\/wp-content\/uploads\/2024\/02\/Andreas-Schaerer-Kalle-Kalima_foto-Gregor-Hohenberg-1920x1280.jpg","image_1920px-width":1920,"image_1920px-height":1280,"image_2400px":"https:\/\/jazzkaar.ee\/wp-content\/uploads\/2024\/02\/Andreas-Schaerer-Kalle-Kalima_foto-Gregor-Hohenberg-2400x1600.jpg","image_2400px-width":2400,"image_2400px-height":1600,"woocommerce_thumbnail":"https:\/\/jazzkaar.ee\/wp-content\/uploads\/2024\/02\/Andreas-Schaerer-Kalle-Kalima_foto-Gregor-Hohenberg-415x415.jpg","woocommerce_thumbnail-width":415,"woocommerce_thumbnail-height":415,"woocommerce_single":"https:\/\/jazzkaar.ee\/wp-content\/uploads\/2024\/02\/Andreas-Schaerer-Kalle-Kalima_foto-Gregor-Hohenberg-600x400.jpg","woocommerce_single-width":600,"woocommerce_single-height":400,"woocommerce_gallery_thumbnail":"https:\/\/jazzkaar.ee\/wp-content\/uploads\/2024\/02\/Andreas-Schaerer-Kalle-Kalima_foto-Gregor-Hohenberg-100x100.jpg","woocommerce_gallery_thumbnail-width":100,"woocommerce_gallery_thumbnail-height":100}},"acf_date_time":"2024\/04\/26 20:00","price":"20.- \/ 15.- <br \/>\r\nFrom April 1st 25.- \/ 18.-","ticket_url":"https:\/\/piletikeskus.ee\/et\/e\/nsy7ih","artists":[{"title":"","subtitle":"","text":"<p>Mainekas plaadifirma ACT avaldas mullu kevadel progressiivse roki, bluusi\u00a0ja jazzi sugemetega albumi \u201eEvolution\u201c, kus \u0160veitsi vokalisti\u00a0<b>Andreas Schaereri<\/b>\u00a0ja Soome kitarristi\u00a0<b>Kalle Kalima<\/b>\u00a0k\u00fclaline on USA staarbassist\u00a0Tim Lefebvre.\u00a0Schaerer ja Kalima, kes on lava jaganud enam kui k\u00fcmme aastat ning esinenud oma ansamblitega ka Jazzkaarel, teevad uuel albumil loomingulise kannap\u00f6\u00f6rde\u00a0\u2013\u00a0kaasaegne\u00a0jazz ja elektroonika on asendunud bluusilike ballaadidega.\u00a0Jazzkaare kontserdil osaleb trios\u00a0Rootsi bassivirtuoos ja helilooja\u00a0<b>Bj\u00f6rn Meyer<\/b>.<\/p>\n<p>\u201eEvolution\u201d on 11. kompositsioonist koosnev stuudioalbum, mille \u00fcheks inspiratsiooniallikaks oligi\u00a0Tim Lefebvre, kes on m\u00e4nginud jazz- ja popstaaridega nagu David Bowie, Sting, Elvis Costello, Mark Guiliana ja Wayne Krantz. Schaerer\u00a0meenutab:\u00a0<b>\u201e<\/b>M\u00e4ngisime Timiga esmakordselt plaadifirma ACT juubelikontserdil. Keemia oli nii hea, et j\u00e4ime omavahel suhtlema. Kui tutvustasin talle ideed teha koos album, ei kahelnud ta hetkekski.\u201c.<\/p>\n<p>V\u00e4ljaanne Progradar kirjutab\u00a0\u201eEvolutioni\u201d\u00a0kohta j\u00e4rgmist:\u00a0\u201ePole\u00a0kindel, kas\u00a0Schaereri\u00a0ja Kalima\u00a0uut loomingut saab pidada traditsioonilises m\u00f5ttes jazziks.\u00a0Nad\u00a0on eiranud ja taasloonud reegleid, mida t\u00e4hendab jazzmuusika. \u00dcks on kindel \u2013 albumil\u00a0\u201eEvolution\u201d\u00a0k\u00f5lab elu kogu oma hiilguses,\u00a0k\u00f5lavad uskumatult intiimsed ja isiklikud laulud, mis resoneeruvad iga\u00fchega, kes v\u00f5tab aja, et see\u00a0imeline\u00a0muusikaline r\u00e4nnak l\u00e4bi teha.\u201d<\/p>\n","videos":[{"video":"<iframe title=\"Rapid Eye Movements\" width=\"520\" height=\"390\" src=\"https:\/\/www.youtube.com\/embed\/EaBU_q10n38?feature=oembed\" frameborder=\"0\" allow=\"accelerometer; autoplay; clipboard-write; encrypted-media; gyroscope; picture-in-picture; web-share\" referrerpolicy=\"strict-origin-when-cross-origin\" allowfullscreen><\/iframe>"}],"gallery":[{"ID":47048,"id":47048,"title":"Andreas Schaerer & Kalle Kalima_foto Gregor Hohenberg","filename":"Andreas-Schaerer-Kalle-Kalima_foto-Gregor-Hohenberg-scaled.jpg","filesize":477334,"url":"https:\/\/jazzkaar.ee\/wp-content\/uploads\/2024\/02\/Andreas-Schaerer-Kalle-Kalima_foto-Gregor-Hohenberg-scaled.jpg","link":"https:\/\/jazzkaar.ee\/en\/uritus\/andreas-schaerer-kalle-kalima-bjorn-meyer-evolution\/andreas-schaerer-kalle-kalima_foto-gregor-hohenberg-2\/","alt":"","author":"14","description":"","caption":"","name":"andreas-schaerer-kalle-kalima_foto-gregor-hohenberg-2","status":"inherit","uploaded_to":47049,"date":"2024-02-14 07:55:38","modified":"2024-02-14 07:56:41","menu_order":0,"mime_type":"image\/jpeg","type":"image","subtype":"jpeg","icon":"https:\/\/jazzkaar.ee\/wp-includes\/images\/media\/default.png","width":2560,"height":1707,"sizes":{"thumbnail":"https:\/\/jazzkaar.ee\/wp-content\/uploads\/2024\/02\/Andreas-Schaerer-Kalle-Kalima_foto-Gregor-Hohenberg-150x150.jpg","thumbnail-width":150,"thumbnail-height":150,"medium":"https:\/\/jazzkaar.ee\/wp-content\/uploads\/2024\/02\/Andreas-Schaerer-Kalle-Kalima_foto-Gregor-Hohenberg-300x200.jpg","medium-width":300,"medium-height":200,"medium_large":"https:\/\/jazzkaar.ee\/wp-content\/uploads\/2024\/02\/Andreas-Schaerer-Kalle-Kalima_foto-Gregor-Hohenberg-768x512.jpg","medium_large-width":768,"medium_large-height":512,"large":"https:\/\/jazzkaar.ee\/wp-content\/uploads\/2024\/02\/Andreas-Schaerer-Kalle-Kalima_foto-Gregor-Hohenberg-1024x683.jpg","large-width":1024,"large-height":683,"1536x1536":"https:\/\/jazzkaar.ee\/wp-content\/uploads\/2024\/02\/Andreas-Schaerer-Kalle-Kalima_foto-Gregor-Hohenberg-1536x1024.jpg","1536x1536-width":1536,"1536x1536-height":1024,"2048x2048":"https:\/\/jazzkaar.ee\/wp-content\/uploads\/2024\/02\/Andreas-Schaerer-Kalle-Kalima_foto-Gregor-Hohenberg-2048x1365.jpg","2048x2048-width":2048,"2048x2048-height":1365,"image_640px":"https:\/\/jazzkaar.ee\/wp-content\/uploads\/2024\/02\/Andreas-Schaerer-Kalle-Kalima_foto-Gregor-Hohenberg-640x427.jpg","image_640px-width":640,"image_640px-height":427,"image_768px":"https:\/\/jazzkaar.ee\/wp-content\/uploads\/2024\/02\/Andreas-Schaerer-Kalle-Kalima_foto-Gregor-Hohenberg-768x512.jpg","image_768px-width":768,"image_768px-height":512,"image_1024px":"https:\/\/jazzkaar.ee\/wp-content\/uploads\/2024\/02\/Andreas-Schaerer-Kalle-Kalima_foto-Gregor-Hohenberg-1024x683.jpg","image_1024px-width":1024,"image_1024px-height":683,"image_1280px":"https:\/\/jazzkaar.ee\/wp-content\/uploads\/2024\/02\/Andreas-Schaerer-Kalle-Kalima_foto-Gregor-Hohenberg-1280x853.jpg","image_1280px-width":1280,"image_1280px-height":853,"image_1366px":"https:\/\/jazzkaar.ee\/wp-content\/uploads\/2024\/02\/Andreas-Schaerer-Kalle-Kalima_foto-Gregor-Hohenberg-1366x911.jpg","image_1366px-width":1366,"image_1366px-height":911,"image_1600px":"https:\/\/jazzkaar.ee\/wp-content\/uploads\/2024\/02\/Andreas-Schaerer-Kalle-Kalima_foto-Gregor-Hohenberg-1600x1067.jpg","image_1600px-width":1600,"image_1600px-height":1067,"image_1920px":"https:\/\/jazzkaar.ee\/wp-content\/uploads\/2024\/02\/Andreas-Schaerer-Kalle-Kalima_foto-Gregor-Hohenberg-1920x1280.jpg","image_1920px-width":1920,"image_1920px-height":1280,"image_2400px":"https:\/\/jazzkaar.ee\/wp-content\/uploads\/2024\/02\/Andreas-Schaerer-Kalle-Kalima_foto-Gregor-Hohenberg-2400x1600.jpg","image_2400px-width":2400,"image_2400px-height":1600,"woocommerce_thumbnail":"https:\/\/jazzkaar.ee\/wp-content\/uploads\/2024\/02\/Andreas-Schaerer-Kalle-Kalima_foto-Gregor-Hohenberg-415x415.jpg","woocommerce_thumbnail-width":415,"woocommerce_thumbnail-height":415,"woocommerce_single":"https:\/\/jazzkaar.ee\/wp-content\/uploads\/2024\/02\/Andreas-Schaerer-Kalle-Kalima_foto-Gregor-Hohenberg-600x400.jpg","woocommerce_single-width":600,"woocommerce_single-height":400,"woocommerce_gallery_thumbnail":"https:\/\/jazzkaar.ee\/wp-content\/uploads\/2024\/02\/Andreas-Schaerer-Kalle-Kalima_foto-Gregor-Hohenberg-100x100.jpg","woocommerce_gallery_thumbnail-width":100,"woocommerce_gallery_thumbnail-height":100}}],"members":[{"name":"Andreas Schaerer","instrument":"vocal"},{"name":"Kalle Kalima","instrument":"guitar"},{"name":"Bj\u00f6rn Meyer","instrument":"bass"}],"artist_fb":"","artist_sc":"","artist_sp":"","artist_ig":"","artist_hp":"","related_events":false}],"dont_show_frontpage":false},"yoast_head":"<!-- This site is optimized with the Yoast SEO plugin v27.3 - https:\/\/yoast.com\/product\/yoast-seo-wordpress\/ -->\n<title>Andreas Schaerer \/ Kalle Kalima \/ Bj\u00f6rn Meyer \u201eEvolution\u201c - Festival Jazzkaar<\/title>\n<meta name=\"robots\" content=\"index, follow, max-snippet:-1, max-image-preview:large, max-video-preview:-1\" \/>\n<link rel=\"canonical\" href=\"https:\/\/jazzkaar.ee\/en\/uritus\/andreas-schaerer-kalle-kalima-bjorn-meyer-evolution\/\" \/>\n<meta property=\"og:locale\" content=\"en_US\" \/>\n<meta property=\"og:type\" content=\"article\" \/>\n<meta property=\"og:title\" content=\"Andreas Schaerer \/ Kalle Kalima \/ Bj\u00f6rn Meyer \u201eEvolution\u201c - Festival Jazzkaar\" \/>\n<meta property=\"og:url\" content=\"https:\/\/jazzkaar.ee\/en\/uritus\/andreas-schaerer-kalle-kalima-bjorn-meyer-evolution\/\" \/>\n<meta property=\"og:site_name\" content=\"Festival Jazzkaar\" \/>\n<meta property=\"article:modified_time\" content=\"2024-02-14T12:32:59+00:00\" \/>\n<meta property=\"og:image\" content=\"http:\/\/default\" \/>\n<meta name=\"twitter:card\" content=\"summary_large_image\" \/>\n<meta name=\"twitter:label1\" content=\"Est. reading time\" \/>\n\t<meta name=\"twitter:data1\" content=\"2 minutes\" \/>\n<script type=\"application\/ld+json\" class=\"yoast-schema-graph\">{\"@context\":\"https:\\\/\\\/schema.org\",\"@graph\":[{\"@type\":\"WebPage\",\"@id\":\"https:\\\/\\\/jazzkaar.ee\\\/en\\\/uritus\\\/andreas-schaerer-kalle-kalima-bjorn-meyer-evolution\\\/\",\"url\":\"https:\\\/\\\/jazzkaar.ee\\\/en\\\/uritus\\\/andreas-schaerer-kalle-kalima-bjorn-meyer-evolution\\\/\",\"name\":\"Andreas Schaerer \\\/ Kalle Kalima \\\/ Bj\u00f6rn Meyer \u201eEvolution\u201c - Festival Jazzkaar\",\"isPartOf\":{\"@id\":\"https:\\\/\\\/jazzkaar.ee\\\/en\\\/#website\"},\"datePublished\":\"2024-02-14T07:58:28+00:00\",\"dateModified\":\"2024-02-14T12:32:59+00:00\",\"breadcrumb\":{\"@id\":\"https:\\\/\\\/jazzkaar.ee\\\/en\\\/uritus\\\/andreas-schaerer-kalle-kalima-bjorn-meyer-evolution\\\/#breadcrumb\"},\"inLanguage\":\"en-US\",\"potentialAction\":[{\"@type\":\"ReadAction\",\"target\":[\"https:\\\/\\\/jazzkaar.ee\\\/en\\\/uritus\\\/andreas-schaerer-kalle-kalima-bjorn-meyer-evolution\\\/\"]}]},{\"@type\":\"BreadcrumbList\",\"@id\":\"https:\\\/\\\/jazzkaar.ee\\\/en\\\/uritus\\\/andreas-schaerer-kalle-kalima-bjorn-meyer-evolution\\\/#breadcrumb\",\"itemListElement\":[{\"@type\":\"ListItem\",\"position\":1,\"name\":\"Home\",\"item\":\"https:\\\/\\\/jazzkaar.ee\\\/en\\\/\"},{\"@type\":\"ListItem\",\"position\":2,\"name\":\"Andreas Schaerer \\\/ Kalle Kalima \\\/ Bj\u00f6rn Meyer \u201eEvolution\u201c\"}]},{\"@type\":\"WebSite\",\"@id\":\"https:\\\/\\\/jazzkaar.ee\\\/en\\\/#website\",\"url\":\"https:\\\/\\\/jazzkaar.ee\\\/en\\\/\",\"name\":\"Festival Jazzkaar\",\"description\":\"\",\"publisher\":{\"@id\":\"https:\\\/\\\/jazzkaar.ee\\\/en\\\/#organization\"},\"potentialAction\":[{\"@type\":\"SearchAction\",\"target\":{\"@type\":\"EntryPoint\",\"urlTemplate\":\"https:\\\/\\\/jazzkaar.ee\\\/en\\\/?s={search_term_string}\"},\"query-input\":{\"@type\":\"PropertyValueSpecification\",\"valueRequired\":true,\"valueName\":\"search_term_string\"}}],\"inLanguage\":\"en-US\"},{\"@type\":\"Organization\",\"@id\":\"https:\\\/\\\/jazzkaar.ee\\\/en\\\/#organization\",\"name\":\"Festival Jazzkaar\",\"url\":\"https:\\\/\\\/jazzkaar.ee\\\/en\\\/\",\"logo\":{\"@type\":\"ImageObject\",\"inLanguage\":\"en-US\",\"@id\":\"https:\\\/\\\/jazzkaar.ee\\\/en\\\/#\\\/schema\\\/logo\\\/image\\\/\",\"url\":\"https:\\\/\\\/jazzkaar.ee\\\/wp-content\\\/uploads\\\/2022\\\/10\\\/Screenshot-2022-10-05-at-11.22.31.png\",\"contentUrl\":\"https:\\\/\\\/jazzkaar.ee\\\/wp-content\\\/uploads\\\/2022\\\/10\\\/Screenshot-2022-10-05-at-11.22.31.png\",\"width\":1210,\"height\":664,\"caption\":\"Festival Jazzkaar\"},\"image\":{\"@id\":\"https:\\\/\\\/jazzkaar.ee\\\/en\\\/#\\\/schema\\\/logo\\\/image\\\/\"}}]}<\/script>\n<!-- \/ Yoast SEO plugin. -->","yoast_head_json":{"title":"Andreas Schaerer \/ Kalle Kalima \/ Bj\u00f6rn Meyer \u201eEvolution\u201c - Festival Jazzkaar","robots":{"index":"index","follow":"follow","max-snippet":"max-snippet:-1","max-image-preview":"max-image-preview:large","max-video-preview":"max-video-preview:-1"},"canonical":"https:\/\/jazzkaar.ee\/en\/uritus\/andreas-schaerer-kalle-kalima-bjorn-meyer-evolution\/","og_locale":"en_US","og_type":"article","og_title":"Andreas Schaerer \/ Kalle Kalima \/ Bj\u00f6rn Meyer \u201eEvolution\u201c - Festival Jazzkaar","og_url":"https:\/\/jazzkaar.ee\/en\/uritus\/andreas-schaerer-kalle-kalima-bjorn-meyer-evolution\/","og_site_name":"Festival Jazzkaar","article_modified_time":"2024-02-14T12:32:59+00:00","og_image":[{"url":"default","type":"","width":"","height":""}],"twitter_card":"summary_large_image","twitter_misc":{"Est. reading time":"2 minutes"},"schema":{"@context":"https:\/\/schema.org","@graph":[{"@type":"WebPage","@id":"https:\/\/jazzkaar.ee\/en\/uritus\/andreas-schaerer-kalle-kalima-bjorn-meyer-evolution\/","url":"https:\/\/jazzkaar.ee\/en\/uritus\/andreas-schaerer-kalle-kalima-bjorn-meyer-evolution\/","name":"Andreas Schaerer \/ Kalle Kalima \/ Bj\u00f6rn Meyer \u201eEvolution\u201c - Festival Jazzkaar","isPartOf":{"@id":"https:\/\/jazzkaar.ee\/en\/#website"},"datePublished":"2024-02-14T07:58:28+00:00","dateModified":"2024-02-14T12:32:59+00:00","breadcrumb":{"@id":"https:\/\/jazzkaar.ee\/en\/uritus\/andreas-schaerer-kalle-kalima-bjorn-meyer-evolution\/#breadcrumb"},"inLanguage":"en-US","potentialAction":[{"@type":"ReadAction","target":["https:\/\/jazzkaar.ee\/en\/uritus\/andreas-schaerer-kalle-kalima-bjorn-meyer-evolution\/"]}]},{"@type":"BreadcrumbList","@id":"https:\/\/jazzkaar.ee\/en\/uritus\/andreas-schaerer-kalle-kalima-bjorn-meyer-evolution\/#breadcrumb","itemListElement":[{"@type":"ListItem","position":1,"name":"Home","item":"https:\/\/jazzkaar.ee\/en\/"},{"@type":"ListItem","position":2,"name":"Andreas Schaerer \/ Kalle Kalima \/ Bj\u00f6rn Meyer \u201eEvolution\u201c"}]},{"@type":"WebSite","@id":"https:\/\/jazzkaar.ee\/en\/#website","url":"https:\/\/jazzkaar.ee\/en\/","name":"Festival Jazzkaar","description":"","publisher":{"@id":"https:\/\/jazzkaar.ee\/en\/#organization"},"potentialAction":[{"@type":"SearchAction","target":{"@type":"EntryPoint","urlTemplate":"https:\/\/jazzkaar.ee\/en\/?s={search_term_string}"},"query-input":{"@type":"PropertyValueSpecification","valueRequired":true,"valueName":"search_term_string"}}],"inLanguage":"en-US"},{"@type":"Organization","@id":"https:\/\/jazzkaar.ee\/en\/#organization","name":"Festival Jazzkaar","url":"https:\/\/jazzkaar.ee\/en\/","logo":{"@type":"ImageObject","inLanguage":"en-US","@id":"https:\/\/jazzkaar.ee\/en\/#\/schema\/logo\/image\/","url":"https:\/\/jazzkaar.ee\/wp-content\/uploads\/2022\/10\/Screenshot-2022-10-05-at-11.22.31.png","contentUrl":"https:\/\/jazzkaar.ee\/wp-content\/uploads\/2022\/10\/Screenshot-2022-10-05-at-11.22.31.png","width":1210,"height":664,"caption":"Festival Jazzkaar"},"image":{"@id":"https:\/\/jazzkaar.ee\/en\/#\/schema\/logo\/image\/"}}]}},"_links":{"self":[{"href":"https:\/\/jazzkaar.ee\/en\/wp-json\/wp\/v2\/cpt_event\/47049","targetHints":{"allow":["GET"]}}],"collection":[{"href":"https:\/\/jazzkaar.ee\/en\/wp-json\/wp\/v2\/cpt_event"}],"about":[{"href":"https:\/\/jazzkaar.ee\/en\/wp-json\/wp\/v2\/types\/cpt_event"}],"wp:attachment":[{"href":"https:\/\/jazzkaar.ee\/en\/wp-json\/wp\/v2\/media?parent=47049"}],"wp:term":[{"taxonomy":"event_location","embeddable":true,"href":"https:\/\/jazzkaar.ee\/en\/wp-json\/wp\/v2\/event_location?post=47049"},{"taxonomy":"event_tag","embeddable":true,"href":"https:\/\/jazzkaar.ee\/en\/wp-json\/wp\/v2\/event_tag?post=47049"},{"taxonomy":"festivals","embeddable":true,"href":"https:\/\/jazzkaar.ee\/en\/wp-json\/wp\/v2\/festivals?post=47049"}],"curies":[{"name":"wp","href":"https:\/\/api.w.org\/{rel}","templated":true}]}}