{"id":49843,"date":"2025-11-10T13:13:31","date_gmt":"2025-11-10T11:13:31","guid":{"rendered":"https:\/\/jazzkaar.ee\/?post_type=cpt_event&#038;p=49843"},"modified":"2025-11-10T13:14:42","modified_gmt":"2025-11-10T11:14:42","slug":"a-tribute-to-joni-mitchell-liisi-koikson-marianne-leibur-anna-parnoja-2","status":"publish","type":"cpt_event","link":"https:\/\/jazzkaar.ee\/en\/uritus\/a-tribute-to-joni-mitchell-liisi-koikson-marianne-leibur-anna-parnoja-2\/","title":{"rendered":"A Tribute to Joni Mitchell. Liisi Koikson, Marianne Leibur, Anna P\u00e4rnoja"},"template":"","event_location":[3287],"event_tag":[],"festivals":[2880],"class_list":["post-49843","cpt_event","type-cpt_event","status-publish","hentry","event_location-nobeli-saal-en","festivals-joulujazz-en"],"acf":{"has_ticket":false,"subtitle":"Extra concert!","image":{"ID":49676,"id":49676,"title":"TributetoJoni_25GRAIN-3 (1)","filename":"TributetoJoni_25GRAIN-3-1.jpg","filesize":481247,"url":"https:\/\/www.jazzkaar.ee\/wp-content\/uploads\/2025\/10\/TributetoJoni_25GRAIN-3-1.jpg","link":"https:\/\/jazzkaar.ee\/en\/uritus\/a-tribute-to-joni-mitchell-liisi-koikson-marianne-leibur-anna-parnoja\/tributetojoni_25grain-3-1-2\/","alt":"","author":"5","description":"","caption":"","name":"tributetojoni_25grain-3-1-2","status":"inherit","uploaded_to":49677,"date":"2025-09-30 21:18:41","modified":"2025-09-30 21:20:29","menu_order":0,"mime_type":"image\/jpeg","type":"image","subtype":"jpeg","icon":"https:\/\/jazzkaar.ee\/wp-includes\/images\/media\/default.png","width":2048,"height":1365,"sizes":{"thumbnail":"https:\/\/www.jazzkaar.ee\/wp-content\/uploads\/2025\/10\/TributetoJoni_25GRAIN-3-1-150x150.jpg","thumbnail-width":150,"thumbnail-height":150,"medium":"https:\/\/www.jazzkaar.ee\/wp-content\/uploads\/2025\/10\/TributetoJoni_25GRAIN-3-1-300x200.jpg","medium-width":300,"medium-height":200,"medium_large":"https:\/\/www.jazzkaar.ee\/wp-content\/uploads\/2025\/10\/TributetoJoni_25GRAIN-3-1-768x512.jpg","medium_large-width":768,"medium_large-height":512,"large":"https:\/\/www.jazzkaar.ee\/wp-content\/uploads\/2025\/10\/TributetoJoni_25GRAIN-3-1-1024x683.jpg","large-width":1024,"large-height":683,"1536x1536":"https:\/\/www.jazzkaar.ee\/wp-content\/uploads\/2025\/10\/TributetoJoni_25GRAIN-3-1-1536x1024.jpg","1536x1536-width":1536,"1536x1536-height":1024,"2048x2048":"https:\/\/www.jazzkaar.ee\/wp-content\/uploads\/2025\/10\/TributetoJoni_25GRAIN-3-1.jpg","2048x2048-width":2048,"2048x2048-height":1365,"image_640px":"https:\/\/www.jazzkaar.ee\/wp-content\/uploads\/2025\/10\/TributetoJoni_25GRAIN-3-1-640x427.jpg","image_640px-width":640,"image_640px-height":427,"image_768px":"https:\/\/www.jazzkaar.ee\/wp-content\/uploads\/2025\/10\/TributetoJoni_25GRAIN-3-1-768x512.jpg","image_768px-width":768,"image_768px-height":512,"image_1024px":"https:\/\/www.jazzkaar.ee\/wp-content\/uploads\/2025\/10\/TributetoJoni_25GRAIN-3-1-1024x683.jpg","image_1024px-width":1024,"image_1024px-height":683,"image_1280px":"https:\/\/www.jazzkaar.ee\/wp-content\/uploads\/2025\/10\/TributetoJoni_25GRAIN-3-1-1280x853.jpg","image_1280px-width":1280,"image_1280px-height":853,"image_1366px":"https:\/\/www.jazzkaar.ee\/wp-content\/uploads\/2025\/10\/TributetoJoni_25GRAIN-3-1-1366x910.jpg","image_1366px-width":1366,"image_1366px-height":910,"image_1600px":"https:\/\/www.jazzkaar.ee\/wp-content\/uploads\/2025\/10\/TributetoJoni_25GRAIN-3-1-1600x1066.jpg","image_1600px-width":1600,"image_1600px-height":1066,"image_1920px":"https:\/\/www.jazzkaar.ee\/wp-content\/uploads\/2025\/10\/TributetoJoni_25GRAIN-3-1-1920x1280.jpg","image_1920px-width":1920,"image_1920px-height":1280,"image_2400px":"https:\/\/www.jazzkaar.ee\/wp-content\/uploads\/2025\/10\/TributetoJoni_25GRAIN-3-1.jpg","image_2400px-width":2048,"image_2400px-height":1365,"woocommerce_thumbnail":"https:\/\/www.jazzkaar.ee\/wp-content\/uploads\/2025\/10\/TributetoJoni_25GRAIN-3-1-415x415.jpg","woocommerce_thumbnail-width":415,"woocommerce_thumbnail-height":415,"woocommerce_single":"https:\/\/www.jazzkaar.ee\/wp-content\/uploads\/2025\/10\/TributetoJoni_25GRAIN-3-1-600x400.jpg","woocommerce_single-width":600,"woocommerce_single-height":400,"woocommerce_gallery_thumbnail":"https:\/\/www.jazzkaar.ee\/wp-content\/uploads\/2025\/10\/TributetoJoni_25GRAIN-3-1-100x100.jpg","woocommerce_gallery_thumbnail-width":100,"woocommerce_gallery_thumbnail-height":100}},"acf_date_time":"2025\/12\/07 15:00","price":"39.-\/34.-\u00a0<br \/>\r\n\u00a0<br \/>\r\nReduced price of 50% for 8-20 year old jazz fans!<br \/>\r\n","ticket_url":"https:\/\/piletikeskus.ee\/pkt7gm","artists":[{"title":"","subtitle":"","text":"<p><iframe loading=\"lazy\" style=\"border-radius: 12px;\" src=\"https:\/\/open.spotify.com\/embed\/artist\/5hW4L92KnC6dX9t7tYM4Ve?utm_source=generator\" width=\"100%\" height=\"352\" frameborder=\"0\" allowfullscreen=\"allowfullscreen\" data-testid=\"embed-iframe\"><\/iframe><\/p>\n<p>Thanks to great audience interest, <strong>Liisi Koikson<\/strong>,<strong> Marianne Leibur <\/strong>and<strong> Anna P\u00e4rnoja<\/strong> will also take the stage with the program &#8220;A Tribute to Joni Mitchell&#8221; on December 7 at 3:00 PM \u2014 a wonderful Sunday lunch concert awaits!<\/p>\n<p><span style=\"font-weight: 400;\">Joni Mitchell is an artist, songwriter, and painter whose work has influenced entire generations \u2013 and whose music still resonates today, 57 (!) years after the release of her debut album <\/span><i><span style=\"font-weight: 400;\">Song to a Seagull<\/span><\/i><span style=\"font-weight: 400;\">, sounding as fresh and meaningful as ever. At Christmas Jazz, her remarkable legacy will be reimagined by acclaimed singers <\/span><b>Liisi Koikson<\/b><span style=\"font-weight: 400;\">, <\/span><b>Marianne Leibur<\/b><span style=\"font-weight: 400;\">, and <\/span><b>Anna P\u00e4rnoja<\/b><span style=\"font-weight: 400;\">, joined by a jazz band led by <\/span><b>Raul S\u00f6\u00f6t<\/b><span style=\"font-weight: 400;\">. This concert is a heartfelt tribute to a songwriter who has inscribed a long and enduring chapter in the history of world music.<\/span><\/p>\n","videos":[{"video":"<iframe title=\"Joni Mitchell   Both sides now on Mama Cass Show 1969\" width=\"520\" height=\"390\" src=\"https:\/\/www.youtube.com\/embed\/4NdsnFZm0X4?feature=oembed\" frameborder=\"0\" allow=\"accelerometer; autoplay; clipboard-write; encrypted-media; gyroscope; picture-in-picture; web-share\" referrerpolicy=\"strict-origin-when-cross-origin\" allowfullscreen><\/iframe>"}],"gallery":[{"ID":49676,"id":49676,"title":"TributetoJoni_25GRAIN-3 (1)","filename":"TributetoJoni_25GRAIN-3-1.jpg","filesize":481247,"url":"https:\/\/www.jazzkaar.ee\/wp-content\/uploads\/2025\/10\/TributetoJoni_25GRAIN-3-1.jpg","link":"https:\/\/jazzkaar.ee\/en\/uritus\/a-tribute-to-joni-mitchell-liisi-koikson-marianne-leibur-anna-parnoja\/tributetojoni_25grain-3-1-2\/","alt":"","author":"5","description":"","caption":"","name":"tributetojoni_25grain-3-1-2","status":"inherit","uploaded_to":49677,"date":"2025-09-30 21:18:41","modified":"2025-09-30 21:20:29","menu_order":0,"mime_type":"image\/jpeg","type":"image","subtype":"jpeg","icon":"https:\/\/jazzkaar.ee\/wp-includes\/images\/media\/default.png","width":2048,"height":1365,"sizes":{"thumbnail":"https:\/\/www.jazzkaar.ee\/wp-content\/uploads\/2025\/10\/TributetoJoni_25GRAIN-3-1-150x150.jpg","thumbnail-width":150,"thumbnail-height":150,"medium":"https:\/\/www.jazzkaar.ee\/wp-content\/uploads\/2025\/10\/TributetoJoni_25GRAIN-3-1-300x200.jpg","medium-width":300,"medium-height":200,"medium_large":"https:\/\/www.jazzkaar.ee\/wp-content\/uploads\/2025\/10\/TributetoJoni_25GRAIN-3-1-768x512.jpg","medium_large-width":768,"medium_large-height":512,"large":"https:\/\/www.jazzkaar.ee\/wp-content\/uploads\/2025\/10\/TributetoJoni_25GRAIN-3-1-1024x683.jpg","large-width":1024,"large-height":683,"1536x1536":"https:\/\/www.jazzkaar.ee\/wp-content\/uploads\/2025\/10\/TributetoJoni_25GRAIN-3-1-1536x1024.jpg","1536x1536-width":1536,"1536x1536-height":1024,"2048x2048":"https:\/\/www.jazzkaar.ee\/wp-content\/uploads\/2025\/10\/TributetoJoni_25GRAIN-3-1.jpg","2048x2048-width":2048,"2048x2048-height":1365,"image_640px":"https:\/\/www.jazzkaar.ee\/wp-content\/uploads\/2025\/10\/TributetoJoni_25GRAIN-3-1-640x427.jpg","image_640px-width":640,"image_640px-height":427,"image_768px":"https:\/\/www.jazzkaar.ee\/wp-content\/uploads\/2025\/10\/TributetoJoni_25GRAIN-3-1-768x512.jpg","image_768px-width":768,"image_768px-height":512,"image_1024px":"https:\/\/www.jazzkaar.ee\/wp-content\/uploads\/2025\/10\/TributetoJoni_25GRAIN-3-1-1024x683.jpg","image_1024px-width":1024,"image_1024px-height":683,"image_1280px":"https:\/\/www.jazzkaar.ee\/wp-content\/uploads\/2025\/10\/TributetoJoni_25GRAIN-3-1-1280x853.jpg","image_1280px-width":1280,"image_1280px-height":853,"image_1366px":"https:\/\/www.jazzkaar.ee\/wp-content\/uploads\/2025\/10\/TributetoJoni_25GRAIN-3-1-1366x910.jpg","image_1366px-width":1366,"image_1366px-height":910,"image_1600px":"https:\/\/www.jazzkaar.ee\/wp-content\/uploads\/2025\/10\/TributetoJoni_25GRAIN-3-1-1600x1066.jpg","image_1600px-width":1600,"image_1600px-height":1066,"image_1920px":"https:\/\/www.jazzkaar.ee\/wp-content\/uploads\/2025\/10\/TributetoJoni_25GRAIN-3-1-1920x1280.jpg","image_1920px-width":1920,"image_1920px-height":1280,"image_2400px":"https:\/\/www.jazzkaar.ee\/wp-content\/uploads\/2025\/10\/TributetoJoni_25GRAIN-3-1.jpg","image_2400px-width":2048,"image_2400px-height":1365,"woocommerce_thumbnail":"https:\/\/www.jazzkaar.ee\/wp-content\/uploads\/2025\/10\/TributetoJoni_25GRAIN-3-1-415x415.jpg","woocommerce_thumbnail-width":415,"woocommerce_thumbnail-height":415,"woocommerce_single":"https:\/\/www.jazzkaar.ee\/wp-content\/uploads\/2025\/10\/TributetoJoni_25GRAIN-3-1-600x400.jpg","woocommerce_single-width":600,"woocommerce_single-height":400,"woocommerce_gallery_thumbnail":"https:\/\/www.jazzkaar.ee\/wp-content\/uploads\/2025\/10\/TributetoJoni_25GRAIN-3-1-100x100.jpg","woocommerce_gallery_thumbnail-width":100,"woocommerce_gallery_thumbnail-height":100}}],"members":[{"name":"Liisi Koikson","instrument":"vocals"},{"name":"Marianne Leibur","instrument":"vocals"},{"name":"Anna P\u00e4rnoja","instrument":"vocals"},{"name":"Raul S\u00f6\u00f6t","instrument":"saxophone"},{"name":"Joel Remmel","instrument":"piano"},{"name":"Mihkel M\u00e4lgand","instrument":"bass"},{"name":"Ain Agan","instrument":"guitar"},{"name":"Petteri Hasa","instrument":"drums"}],"artist_fb":"","artist_sc":"","artist_sp":"","artist_ig":"","artist_hp":"https:\/\/www.jonimitchell.com\/","related_events":false}],"dont_show_frontpage":false},"yoast_head":"<!-- This site is optimized with the Yoast SEO plugin v27.3 - https:\/\/yoast.com\/product\/yoast-seo-wordpress\/ -->\n<title>A Tribute to Joni Mitchell. Liisi Koikson, Marianne Leibur, Anna P\u00e4rnoja - Festival Jazzkaar<\/title>\n<meta name=\"robots\" content=\"index, follow, max-snippet:-1, max-image-preview:large, max-video-preview:-1\" \/>\n<link rel=\"canonical\" href=\"https:\/\/jazzkaar.ee\/en\/uritus\/a-tribute-to-joni-mitchell-liisi-koikson-marianne-leibur-anna-parnoja-2\/\" \/>\n<meta property=\"og:locale\" content=\"en_US\" \/>\n<meta property=\"og:type\" content=\"article\" \/>\n<meta property=\"og:title\" content=\"A Tribute to Joni Mitchell. Liisi Koikson, Marianne Leibur, Anna P\u00e4rnoja - Festival Jazzkaar\" \/>\n<meta property=\"og:url\" content=\"https:\/\/jazzkaar.ee\/en\/uritus\/a-tribute-to-joni-mitchell-liisi-koikson-marianne-leibur-anna-parnoja-2\/\" \/>\n<meta property=\"og:site_name\" content=\"Festival Jazzkaar\" \/>\n<meta property=\"article:modified_time\" content=\"2025-11-10T11:14:42+00:00\" \/>\n<meta property=\"og:image\" content=\"http:\/\/default\" \/>\n<meta name=\"twitter:card\" content=\"summary_large_image\" \/>\n<meta name=\"twitter:label1\" content=\"Est. reading time\" \/>\n\t<meta name=\"twitter:data1\" content=\"2 minutes\" \/>\n<script type=\"application\/ld+json\" class=\"yoast-schema-graph\">{\"@context\":\"https:\\\/\\\/schema.org\",\"@graph\":[{\"@type\":\"WebPage\",\"@id\":\"https:\\\/\\\/jazzkaar.ee\\\/en\\\/uritus\\\/a-tribute-to-joni-mitchell-liisi-koikson-marianne-leibur-anna-parnoja-2\\\/\",\"url\":\"https:\\\/\\\/jazzkaar.ee\\\/en\\\/uritus\\\/a-tribute-to-joni-mitchell-liisi-koikson-marianne-leibur-anna-parnoja-2\\\/\",\"name\":\"A Tribute to Joni Mitchell. Liisi Koikson, Marianne Leibur, Anna P\u00e4rnoja - Festival Jazzkaar\",\"isPartOf\":{\"@id\":\"https:\\\/\\\/www.jazzkaar.ee\\\/en\\\/#website\"},\"datePublished\":\"2025-11-10T11:13:31+00:00\",\"dateModified\":\"2025-11-10T11:14:42+00:00\",\"breadcrumb\":{\"@id\":\"https:\\\/\\\/jazzkaar.ee\\\/en\\\/uritus\\\/a-tribute-to-joni-mitchell-liisi-koikson-marianne-leibur-anna-parnoja-2\\\/#breadcrumb\"},\"inLanguage\":\"en-US\",\"potentialAction\":[{\"@type\":\"ReadAction\",\"target\":[\"https:\\\/\\\/jazzkaar.ee\\\/en\\\/uritus\\\/a-tribute-to-joni-mitchell-liisi-koikson-marianne-leibur-anna-parnoja-2\\\/\"]}]},{\"@type\":\"BreadcrumbList\",\"@id\":\"https:\\\/\\\/jazzkaar.ee\\\/en\\\/uritus\\\/a-tribute-to-joni-mitchell-liisi-koikson-marianne-leibur-anna-parnoja-2\\\/#breadcrumb\",\"itemListElement\":[{\"@type\":\"ListItem\",\"position\":1,\"name\":\"Home\",\"item\":\"https:\\\/\\\/www.jazzkaar.ee\\\/en\\\/\"},{\"@type\":\"ListItem\",\"position\":2,\"name\":\"A Tribute to Joni Mitchell. Liisi Koikson, Marianne Leibur, Anna P\u00e4rnoja\"}]},{\"@type\":\"WebSite\",\"@id\":\"https:\\\/\\\/www.jazzkaar.ee\\\/en\\\/#website\",\"url\":\"https:\\\/\\\/www.jazzkaar.ee\\\/en\\\/\",\"name\":\"Festival Jazzkaar\",\"description\":\"\",\"publisher\":{\"@id\":\"https:\\\/\\\/www.jazzkaar.ee\\\/en\\\/#organization\"},\"potentialAction\":[{\"@type\":\"SearchAction\",\"target\":{\"@type\":\"EntryPoint\",\"urlTemplate\":\"https:\\\/\\\/www.jazzkaar.ee\\\/en\\\/?s={search_term_string}\"},\"query-input\":{\"@type\":\"PropertyValueSpecification\",\"valueRequired\":true,\"valueName\":\"search_term_string\"}}],\"inLanguage\":\"en-US\"},{\"@type\":\"Organization\",\"@id\":\"https:\\\/\\\/www.jazzkaar.ee\\\/en\\\/#organization\",\"name\":\"Festival Jazzkaar\",\"url\":\"https:\\\/\\\/www.jazzkaar.ee\\\/en\\\/\",\"logo\":{\"@type\":\"ImageObject\",\"inLanguage\":\"en-US\",\"@id\":\"https:\\\/\\\/www.jazzkaar.ee\\\/en\\\/#\\\/schema\\\/logo\\\/image\\\/\",\"url\":\"https:\\\/\\\/jazzkaar.ee\\\/wp-content\\\/uploads\\\/2022\\\/10\\\/Screenshot-2022-10-05-at-11.22.31.png\",\"contentUrl\":\"https:\\\/\\\/jazzkaar.ee\\\/wp-content\\\/uploads\\\/2022\\\/10\\\/Screenshot-2022-10-05-at-11.22.31.png\",\"width\":1210,\"height\":664,\"caption\":\"Festival Jazzkaar\"},\"image\":{\"@id\":\"https:\\\/\\\/www.jazzkaar.ee\\\/en\\\/#\\\/schema\\\/logo\\\/image\\\/\"}}]}<\/script>\n<!-- \/ Yoast SEO plugin. -->","yoast_head_json":{"title":"A Tribute to Joni Mitchell. Liisi Koikson, Marianne Leibur, Anna P\u00e4rnoja - Festival Jazzkaar","robots":{"index":"index","follow":"follow","max-snippet":"max-snippet:-1","max-image-preview":"max-image-preview:large","max-video-preview":"max-video-preview:-1"},"canonical":"https:\/\/jazzkaar.ee\/en\/uritus\/a-tribute-to-joni-mitchell-liisi-koikson-marianne-leibur-anna-parnoja-2\/","og_locale":"en_US","og_type":"article","og_title":"A Tribute to Joni Mitchell. Liisi Koikson, Marianne Leibur, Anna P\u00e4rnoja - Festival Jazzkaar","og_url":"https:\/\/jazzkaar.ee\/en\/uritus\/a-tribute-to-joni-mitchell-liisi-koikson-marianne-leibur-anna-parnoja-2\/","og_site_name":"Festival Jazzkaar","article_modified_time":"2025-11-10T11:14:42+00:00","og_image":[{"url":"default","type":"","width":"","height":""}],"twitter_card":"summary_large_image","twitter_misc":{"Est. reading time":"2 minutes"},"schema":{"@context":"https:\/\/schema.org","@graph":[{"@type":"WebPage","@id":"https:\/\/jazzkaar.ee\/en\/uritus\/a-tribute-to-joni-mitchell-liisi-koikson-marianne-leibur-anna-parnoja-2\/","url":"https:\/\/jazzkaar.ee\/en\/uritus\/a-tribute-to-joni-mitchell-liisi-koikson-marianne-leibur-anna-parnoja-2\/","name":"A Tribute to Joni Mitchell. Liisi Koikson, Marianne Leibur, Anna P\u00e4rnoja - Festival Jazzkaar","isPartOf":{"@id":"https:\/\/www.jazzkaar.ee\/en\/#website"},"datePublished":"2025-11-10T11:13:31+00:00","dateModified":"2025-11-10T11:14:42+00:00","breadcrumb":{"@id":"https:\/\/jazzkaar.ee\/en\/uritus\/a-tribute-to-joni-mitchell-liisi-koikson-marianne-leibur-anna-parnoja-2\/#breadcrumb"},"inLanguage":"en-US","potentialAction":[{"@type":"ReadAction","target":["https:\/\/jazzkaar.ee\/en\/uritus\/a-tribute-to-joni-mitchell-liisi-koikson-marianne-leibur-anna-parnoja-2\/"]}]},{"@type":"BreadcrumbList","@id":"https:\/\/jazzkaar.ee\/en\/uritus\/a-tribute-to-joni-mitchell-liisi-koikson-marianne-leibur-anna-parnoja-2\/#breadcrumb","itemListElement":[{"@type":"ListItem","position":1,"name":"Home","item":"https:\/\/www.jazzkaar.ee\/en\/"},{"@type":"ListItem","position":2,"name":"A Tribute to Joni Mitchell. Liisi Koikson, Marianne Leibur, Anna P\u00e4rnoja"}]},{"@type":"WebSite","@id":"https:\/\/www.jazzkaar.ee\/en\/#website","url":"https:\/\/www.jazzkaar.ee\/en\/","name":"Festival Jazzkaar","description":"","publisher":{"@id":"https:\/\/www.jazzkaar.ee\/en\/#organization"},"potentialAction":[{"@type":"SearchAction","target":{"@type":"EntryPoint","urlTemplate":"https:\/\/www.jazzkaar.ee\/en\/?s={search_term_string}"},"query-input":{"@type":"PropertyValueSpecification","valueRequired":true,"valueName":"search_term_string"}}],"inLanguage":"en-US"},{"@type":"Organization","@id":"https:\/\/www.jazzkaar.ee\/en\/#organization","name":"Festival Jazzkaar","url":"https:\/\/www.jazzkaar.ee\/en\/","logo":{"@type":"ImageObject","inLanguage":"en-US","@id":"https:\/\/www.jazzkaar.ee\/en\/#\/schema\/logo\/image\/","url":"https:\/\/jazzkaar.ee\/wp-content\/uploads\/2022\/10\/Screenshot-2022-10-05-at-11.22.31.png","contentUrl":"https:\/\/jazzkaar.ee\/wp-content\/uploads\/2022\/10\/Screenshot-2022-10-05-at-11.22.31.png","width":1210,"height":664,"caption":"Festival Jazzkaar"},"image":{"@id":"https:\/\/www.jazzkaar.ee\/en\/#\/schema\/logo\/image\/"}}]}},"_links":{"self":[{"href":"https:\/\/jazzkaar.ee\/en\/wp-json\/wp\/v2\/cpt_event\/49843","targetHints":{"allow":["GET"]}}],"collection":[{"href":"https:\/\/jazzkaar.ee\/en\/wp-json\/wp\/v2\/cpt_event"}],"about":[{"href":"https:\/\/jazzkaar.ee\/en\/wp-json\/wp\/v2\/types\/cpt_event"}],"wp:attachment":[{"href":"https:\/\/jazzkaar.ee\/en\/wp-json\/wp\/v2\/media?parent=49843"}],"wp:term":[{"taxonomy":"event_location","embeddable":true,"href":"https:\/\/jazzkaar.ee\/en\/wp-json\/wp\/v2\/event_location?post=49843"},{"taxonomy":"event_tag","embeddable":true,"href":"https:\/\/jazzkaar.ee\/en\/wp-json\/wp\/v2\/event_tag?post=49843"},{"taxonomy":"festivals","embeddable":true,"href":"https:\/\/jazzkaar.ee\/en\/wp-json\/wp\/v2\/festivals?post=49843"}],"curies":[{"name":"wp","href":"https:\/\/api.w.org\/{rel}","templated":true}]}}